{"id":2263,"date":"2014-05-14T21:16:03","date_gmt":"2014-05-14T19:16:03","guid":{"rendered":"http:\/\/www.fayka.pl\/?page_id=2263"},"modified":"2014-10-08T09:44:28","modified_gmt":"2014-10-08T07:44:28","slug":"poradnik-ubrania-morskie","status":"publish","type":"page","link":"https:\/\/www.fayka.pl\/?page_id=2263","title":{"rendered":"Poradnik &#8211; ubrania morskie"},"content":{"rendered":"<p>Jaka jest zasadnicza r\u00f3\u017cnica, mi\u0119dzy kurtk\u0105 narciarsk\u0105 m\u0119sk\u0105 a damsk\u0105?<\/p>\n<p>Bardzo prosta&#8230;<\/p>\n<p>M\u0119ska kurtka narciarska to sprz\u0119t, a damska to ubranie \ud83d\ude09<\/p>\n<p>Ale z moj\u0105 z rodzink\u0105 ju\u017c dawno ukuli\u015bmy sobie takie powiedzonko: Je\u015bli s\u0142abo je\u017adzisz na nartach &#8211; to chocia\u017c jako\u015b wygl\u0105daj&#8230;<\/p>\n<p>Ubrania morskie &#8211; czyli sprz\u0119t zale\u017c\u0105 oczywi\u015bcie od zasobno\u015bci Waszej kieszeni oraz akwenu na kt\u00f3rym b\u0119dziecie \u017ceglowa\u0107. Pora roku te\u017c jest wa\u017cna, cho\u0107 np. ciep\u0142\u0105 czapk\u0119 trzeba mie\u0107 zawsze. Nawet w Grecji czy Chorwacji w lecie.<\/p>\n<p>Jak mam tak\u0105 list\u0119 og\u00f3ln\u0105 z kt\u00f3rej bior\u0119 to co mi potrzeba na dany rejs.<\/p>\n<ul>\n<li>Sztormiak kurtka<\/li>\n<li>Sztormiak spodnie<\/li>\n<li>Kalosze Lemigo<br \/>\nlekkie kalosze z pianki EVA &#8211; do tego tanie.<\/li>\n<li>Pajacyk<br \/>\nto jest moja wunderwaffe &#8211; polarowy pajacyk &#8211; wygl\u0105dam w nim jak przero\u015bni\u0119ty bobasek, ale jest mi zawsze ciep\u0142o<\/li>\n<li>Bielizna termiczna<br \/>\n2 komplety &#8211; taka jak na narty &#8211; kalesonki i bluzka<\/li>\n<li>Bokserki termoaktywne<br \/>\nco tu du\u017co gada\u0107 dobre gacie i koszulka ze srebrn\u0105 nitk\u0105 w sytuacji, gdy o prysznic trudno mog\u0105 pozwoli\u0107 wam nie pa\u015b\u0107 od w\u0142asnego zapachu&#8230;<\/li>\n<li>Bluzka termoaktywna<br \/>\njak wy\u017cej<\/li>\n<li>Sweterek we\u0142niany &#8211; techniczny<\/li>\n<li>Polar grubszy<\/li>\n<li>Polar zwyk\u0142y<\/li>\n<li>Polar cienki &#8211; typu koszulka<\/li>\n<li>Czapka &#8222;uszatka&#8221;<br \/>\ntaka jak na budowie &#8211; ale z polarku &#8211; to na naprawd\u0119 zimne rejsy<\/li>\n<li>Czapka dokerka<\/li>\n<li>Buff<br \/>\nod lat jestem fanem tego wynalazku, na rower, na narty, w g\u00f3ry, na motor, na \u017cagle &#8211; zawsze w kieszeni ma par\u0119 buf\u00f3w. Mo\u017cna je wykorzysta\u0107 jako windstopery na g\u0142ow\u0119, jako szalik na szyj\u0119, czasami na motorze &#8222;uszczelniam&#8221; r\u0119kawy sk\u00f3rzanej kurtki. Na fotce <a href=\"http:\/\/www.ciunczyk.com\/slawek\/Fayka\/Rejsy\/SPB2014\/slides\/SPB2014-023.jpg\" target=\"_blank\">tutaj<\/a> mam w\u0142a\u015bnie buff na szyi.<\/li>\n<li>R\u0119kawiczki &#8211; \u0142apki goreteksowe<br \/>\nprzed wyjazdem na Antarktyd\u0119, koledzy kupili gdzie\u015b znakomite goreteksowe wojskowe wielgachne r\u0119kawice typu \u0142apki. S\u0105 z samego p\u0142\u00f3tna z membran\u0105. Zak\u0142ada si\u0119 je na wierzch r\u0119kawiczek polarowych lub ocieplaczy i naci\u0105ga ca\u0142o\u015b\u0107 do \u0142okcia. Jest sucho i ciep\u0142o. A wiele miejsca nie zajmuj\u0105.<\/li>\n<li>Ocieplacze do r\u0119kawiczek &#8211; \u0142apek<br \/>\nfilcowe ocieplacze do r\u0119kawiczek powy\u017cej &#8211; rzadko korzystam, bo mi wystarczaj\u0105 polarowe.<\/li>\n<li>R\u0119kawiczki &#8211; \u0142apki &#8211; ciep\u0142e<br \/>\nte\u017c mam ale jak wy\u017cej.<\/li>\n<li>R\u0119kawiczki &#8211; polarowe<br \/>\nzawsze mam ze sob\u0105 dwie, trzy pary zwyk\u0142ych pi\u0119ciopalczastych r\u0119kawiczek polarowych. Jak zamokn\u0105, to bior\u0119 drugie, a tamte maj\u0105 czas wyschn\u0105\u0107.<\/li>\n<li>R\u0119kawiczki robocze &#8211; lepsze wampirki<br \/>\nkonieczne do prac, gdy jest zimno i mokro. Mam na my\u015bli prawdziw\u0105 prac\u0119, a nie standardowe ci\u0105ganie szot\u00f3w. Do tego wystarcz\u0105 r\u0119kawiczki \u017ceglarskie lub rowerowe.<\/li>\n<li>Skarpetki we\u0142niane &#8211; dwie, trzy pary<br \/>\nidealne do kaloszy<\/li>\n<li>Skarpetki norweskie<br \/>\nkolejne wunderwaffe &#8211; reklamowane jako u\u017cywane przez armi\u0119 norwesk\u0105. S\u0105 baarrrrdzo grube &#8211; z 5 milimetr\u00f3w i super ciep\u0142e. Uwielbiam te skarpetki.<\/li>\n<\/ul>\n<p>Oczywi\u015bcie traktujcie prosz\u0119 to jako pewien schemat czy inspiracj\u0119 do stworzenia w\u0142asnej listy. Wszystko zale\u017cy od Waszego portfela i potrzeb.<\/p>\n<p><a title=\"Poradnik \u2013 dokumenty\" href=\"http:\/\/www.fayka.pl\/?page_id=2259\">&lt;&lt;dokumenty<\/a> czytaj <a title=\"Poradnik \u2013 ubrania cywilne\" href=\"http:\/\/www.fayka.pl\/?page_id=2265\">ubrania cywilne&gt;&gt;<\/a><\/p>\n","protected":false},"excerpt":{"rendered":"<p>Jaka jest zasadnicza r\u00f3\u017cnica, mi\u0119dzy kurtk\u0105 narciarsk\u0105 m\u0119sk\u0105 a damsk\u0105? Bardzo prosta&#8230; M\u0119ska kurtka narciarska to sprz\u0119t, a damska to ubranie \ud83d\ude09 Ale z moj\u0105 z rodzink\u0105 ju\u017c dawno ukuli\u015bmy sobie takie powiedzonko: Je\u015bli s\u0142abo je\u017adzisz na nartach &#8211; to &hellip; <a href=\"https:\/\/www.fayka.pl\/?page_id=2263\">Czytaj dalej <span class=\"meta-nav\">&rarr;<\/span><\/a><\/p>\n","protected":false},"author":2,"featured_media":0,"parent":2249,"menu_order":0,"comment_status":"open","ping_status":"open","template":"onecolumn-page.php","meta":{"footnotes":""},"class_list":["post-2263","page","type-page","status-publish","hentry"],"_links":{"self":[{"href":"https:\/\/www.fayka.pl\/index.php?rest_route=\/wp\/v2\/pages\/2263","targetHints":{"allow":["GET"]}}],"collection":[{"href":"https:\/\/www.fayka.pl\/index.php?rest_route=\/wp\/v2\/pages"}],"about":[{"href":"https:\/\/www.fayka.pl\/index.php?rest_route=\/wp\/v2\/types\/page"}],"author":[{"embeddable":true,"href":"https:\/\/www.fayka.pl\/index.php?rest_route=\/wp\/v2\/users\/2"}],"replies":[{"embeddable":true,"href":"https:\/\/www.fayka.pl\/index.php?rest_route=%2Fwp%2Fv2%2Fcomments&post=2263"}],"version-history":[{"count":5,"href":"https:\/\/www.fayka.pl\/index.php?rest_route=\/wp\/v2\/pages\/2263\/revisions"}],"predecessor-version":[{"id":2429,"href":"https:\/\/www.fayka.pl\/index.php?rest_route=\/wp\/v2\/pages\/2263\/revisions\/2429"}],"up":[{"embeddable":true,"href":"https:\/\/www.fayka.pl\/index.php?rest_route=\/wp\/v2\/pages\/2249"}],"wp:attachment":[{"href":"https:\/\/www.fayka.pl\/index.php?rest_route=%2Fwp%2Fv2%2Fmedia&parent=2263"}],"curies":[{"name":"wp","href":"https:\/\/api.w.org\/{rel}","templated":true}]}}